{"id":958,"date":"2019-07-15T02:08:27","date_gmt":"2019-07-15T02:08:27","guid":{"rendered":"https:\/\/immigrationeu.be\/?page_id=958"},"modified":"2023-08-23T07:53:55","modified_gmt":"2023-08-23T07:53:55","slug":"accueil","status":"publish","type":"page","link":"https:\/\/immigrationeu.be\/fr\/","title":{"rendered":"Accueil"},"content":{"rendered":"<p>[vc_row full_width=\u00a0\u00bbstretch_row_content\u00a0\u00bb css=\u00a0\u00bb.vc_custom_1562429724054{margin-top: 30px !important;}\u00a0\u00bb][vc_column width=\u00a0\u00bb1\/3&Prime; css=\u00a0\u00bb.vc_custom_1604672676694{margin-bottom: 25px !important;}\u00a0\u00bb]<div id=\"nitro_custom_css_1063350860\" class=\"image-banner tc text style-1\"><div class=\"pr oh cs-12 cxs-12\"><a href=\"https:\/\/immigrationeu.be\/fr\/pays-bas-immigration-pour-investisseurs\/\" class=\"dt oh pr cxs-12 cs-12\"><img decoding=\"async\" class=\"front ts-04 cxs-12 cs-12\" src=\"https:\/\/immigrationeu.be\/wp-content\/uploads\/2022\/03\/amsterdam-g0702195df_1920.jpeg\" width=\"1920\"  height=\"1279\" alt=\"Front Image\" \/><\/a><div class=\"content\"><div class=\"inner-content\"><h2>IMMIGRATION AUX PAYS BAS<\/h2><p><\/p><\/div><\/div><\/div><\/div>[vc_column_text css=\u00a0\u00bb.vc_custom_1692777158155{margin-bottom: 0px !important;padding-top: 16px !important;padding-bottom: 16px !important;background-color: #14274e !important;}\u00a0\u00bb el_id=\u00a0\u00bbhm_box\u00a0\u00bb]<\/p>\n<h3 style=\"font-size: 20px; line-height: 26px; margin-top: 0px; text-align: center;\"><a href=\"https:\/\/immigrationeu.be\/fr\/pays-bas-immigration-pour-investisseurs\/\"><span style=\"color: #f2f2f2;\">IMMIGRATION AUX PAYS-BAS<\/span><\/a><\/h3>\n<p>[\/vc_column_text][\/vc_column][vc_column width=\u00a0\u00bb1\/3&Prime; css=\u00a0\u00bb.vc_custom_1562428929774{margin-bottom: 25px !important;}\u00a0\u00bb]<div id=\"nitro_custom_css_1679314880\" class=\"image-banner tc text style-1\"><div class=\"pr oh cs-12 cxs-12\"><a href=\"https:\/\/immigrationeu.be\/fr\/luxembourg-immigration-pour-investisseurs\/\" class=\"dt oh pr cxs-12 cs-12\"><img decoding=\"async\" class=\"front ts-04 cxs-12 cs-12\" src=\"https:\/\/immigrationeu.be\/wp-content\/uploads\/2022\/03\/luxembourg-gc4c80bac9_1920.jpeg\" width=\"1920\"  height=\"1278\" alt=\"Front Image\" \/><\/a><div class=\"content\"><div class=\"inner-content\"><h2>IMMIGRATION \u00c0 luxembourg<\/h2><p><\/p><\/div><\/div><\/div><\/div>[vc_column_text css=\u00a0\u00bb.vc_custom_1692777201786{margin-bottom: 0px !important;padding-top: 16px !important;padding-bottom: 16px !important;background-color: #14274e !important;}\u00a0\u00bb el_id=\u00a0\u00bbhm_box\u00a0\u00bb]<\/p>\n<p style=\"font-size: 20px; line-height: 26px; margin-top: 0px; text-align: center;\"><a href=\"https:\/\/immigrationeu.be\/fr\/luxembourg-immigration-pour-investisseurs\/\"><span style=\"color: #f2f2f2;\">IMMIGRATION AU LUXEMBOURG<\/span><\/a><\/p>\n<p>[\/vc_column_text][\/vc_column][vc_column width=\u00a0\u00bb1\/3&Prime; css=\u00a0\u00bb.vc_custom_1562428935620{margin-bottom: 25px !important;}\u00a0\u00bb]<div id=\"nitro_custom_css_708541820\" class=\"image-banner tc text style-1\"><div class=\"pr oh cs-12 cxs-12\"><a href=\"\/fr\/suisse\/\" class=\"dt oh pr cxs-12 cs-12\"><img decoding=\"async\" class=\"front ts-04 cxs-12 cs-12\" src=\"https:\/\/immigrationeu.be\/wp-content\/uploads\/2022\/03\/skyline-g00547bed7_1920.jpeg\" width=\"1920\"  height=\"1280\" alt=\"Front Image\" \/><\/a><div class=\"content\"><div class=\"inner-content\"><h2>IMMIGRATION EN SUISSE<\/h2><p><\/p><\/div><\/div><\/div><\/div>[vc_column_text css=\u00a0\u00bb.vc_custom_1647448118731{margin-bottom: 0px !important;padding-top: 16px !important;padding-bottom: 16px !important;background-color: #14274e !important;}\u00a0\u00bb el_id=\u00a0\u00bbhm_box\u00a0\u00bb]<\/p>\n<h3 style=\"font-size: 20px; line-height: 26px; margin-top: 0px; text-align: center;\"><a href=\"https:\/\/immigrationeu.be\/fr\/suisse\/\"><span style=\"color: #f2f2f2;\">IMMIGRATION EN ALLEMAGNE<\/span><\/a><\/h3>\n<p>[\/vc_column_text][\/vc_column][\/vc_row][vc_row full_width=\u00a0\u00bbstretch_row_content\u00a0\u00bb][vc_column width=\u00a0\u00bb1\/3&Prime; css=\u00a0\u00bb.vc_custom_1562687424335{margin-bottom: 25px !important;}\u00a0\u00bb]<div id=\"nitro_custom_css_1416143495\" class=\"image-banner tc text style-1\"><div class=\"pr oh cs-12 cxs-12\"><a href=\"\/fr\/malte\/\" class=\"dt oh pr cxs-12 cs-12\"><img decoding=\"async\" class=\"front ts-04 cxs-12 cs-12\" src=\"https:\/\/immigrationeu.be\/wp-content\/uploads\/2022\/03\/atuntaqui-gce3ece88f_1920.jpeg\" width=\"1920\"  height=\"1080\" alt=\"Front Image\" \/><\/a><div class=\"content\"><div class=\"inner-content\"><h2>CITIZENSHIP OF ecuador<\/h2><p><\/p><\/div><\/div><\/div><\/div>[vc_column_text css=\u00a0\u00bb.vc_custom_1647450794295{margin-bottom: 0px !important;padding-top: 16px !important;padding-bottom: 16px !important;background-color: #14274e !important;}\u00a0\u00bb el_id=\u00a0\u00bbhm_box\u00a0\u00bb]<\/p>\n<h3 style=\"font-size: 20px; line-height: 26px; margin-top: 0px; text-align: center;\"><a href=\"\/fr\/malte\/\"><span style=\"color: #f2f2f2;\">IMMIGRATION EN EQUATEUR<\/span><\/a><\/h3>\n<p>[\/vc_column_text][\/vc_column][vc_column width=\u00a0\u00bb1\/3&Prime; css=\u00a0\u00bb.vc_custom_1562428946817{margin-bottom: 25px !important;}\u00a0\u00bb]<div id=\"nitro_custom_css_675568665\" class=\"image-banner tc text style-1\"><div class=\"pr oh cs-12 cxs-12\"><a href=\"https:\/\/immigrationeu.be\/fr\/argentine-immigration-investisseurs\/\" class=\"dt oh pr cxs-12 cs-12\"><img decoding=\"async\" class=\"front ts-04 cxs-12 cs-12\" src=\"https:\/\/immigrationeu.be\/wp-content\/uploads\/2022\/03\/ushuaia-gfc1a2174c_1920.jpeg\" width=\"1920\"  height=\"1267\" alt=\"Front Image\" \/><\/a><div class=\"content\"><div class=\"inner-content\"><h2>IMMIGRATION EN ARGENTINE<\/h2><p><\/p><\/div><\/div><\/div><\/div>[vc_column_text css=\u00a0\u00bb.vc_custom_1647450802991{margin-top: -1px !important;margin-bottom: 0px !important;padding-top: 16px !important;padding-bottom: 16px !important;background-color: #14274e !important;}\u00a0\u00bb el_id=\u00a0\u00bbhm_box\u00a0\u00bb]<\/p>\n<h3 style=\"font-size: 20px; line-height: 26px; margin-top: 0px; text-align: center;\"><a href=\"\/fr\/immigration-en-autriche\/\"><span style=\"color: #f2f2f2;\">IMMIGRATION EN ARGENTINE<\/span><\/a><\/h3>\n<p>[\/vc_column_text][\/vc_column][vc_column width=\u00a0\u00bb1\/3&Prime; css=\u00a0\u00bb.vc_custom_1562428952473{margin-bottom: 25px !important;}\u00a0\u00bb]<div id=\"nitro_custom_css_1043604249\" class=\"image-banner tc text style-1\"><div class=\"pr oh cs-12 cxs-12\"><a href=\"\/fr\/italie\/\" class=\"dt oh pr cxs-12 cs-12\"><img decoding=\"async\" class=\"front ts-04 cxs-12 cs-12\" src=\"https:\/\/immigrationeu.be\/wp-content\/uploads\/2022\/03\/beach-gadfc77e0b_1920.jpeg\" width=\"1920\"  height=\"1280\" alt=\"Front Image\" \/><\/a><div class=\"content\"><div class=\"inner-content\"><h2>IMMIGRATION EN ITALIE<\/h2><p><\/p><\/div><\/div><\/div><\/div>[vc_column_text css=\u00a0\u00bb.vc_custom_1647450863847{margin-top: -1px !important;margin-bottom: 0px !important;padding-top: 16px !important;padding-bottom: 16px !important;background-color: #14274e !important;}\u00a0\u00bb el_id=\u00a0\u00bbhm_box\u00a0\u00bb]<\/p>\n<h3 style=\"font-size: 20px; line-height: 26px; margin-top: 0px; text-align: center;\"><a href=\"\/fr\/italie\/\"><span style=\"color: #f2f2f2;\">IMMIGRATION EN URUGUAY<\/span><\/a><\/h3>\n<p>[\/vc_column_text][\/vc_column][\/vc_row][vc_row full_width=\u00a0\u00bbstretch_row\u00a0\u00bb css=\u00a0\u00bb.vc_custom_1602705186376{background-color: #dfe8ec !important;}\u00a0\u00bb][vc_column][vc_empty_space][vc_row_inner disable_element=\u00a0\u00bbyes\u00a0\u00bb][vc_column_inner][vc_custom_heading text=\u00a0\u00bbOur company is a collective of many experts in immigration around Europe.\u00a0\u00bb font_container=\u00a0\u00bbtag:h2|font_size:30px|text_align:center|color:%23333333|line_height:36px\u00a0\u00bb use_theme_fonts=\u00a0\u00bbyes\u00a0\u00bb][\/vc_column_inner][\/vc_row_inner][vc_column_text]<\/p>\n<div class=\"wpb_text_column wpb_content_element \">\n<div class=\"wpb_wrapper\">\n<h4 style=\"text-align: center;\"><strong>Des experts des domaines de l\u2019immigration et de la citoyennet\u00e9<\/strong><\/h4>\n<\/div>\n<\/div>\n<div class=\"wpb_text_column wpb_content_element vc_custom_1615844825694\">\n<div class=\"wpb_wrapper\">\n<p>&nbsp;<\/p>\n<\/div>\n<\/div>\n<p>[\/vc_column_text][vc_column_text css=\u00a0\u00bb.vc_custom_1604597961937{margin-right: 30px !important;margin-left: 30px !important;padding-bottom: 30px !important;}\u00a0\u00bb]<\/p>\n<p style=\"font-size: 16px; line-height: 20px; text-align: center;\"><span style=\"color: #333333;\"><img decoding=\"async\" class=\"alignleft wp-image-2337\" src=\"https:\/\/immigrationeu.be\/wp-content\/uploads\/2020\/10\/passport-visa.png\" alt=\"\" width=\"226\" height=\"179\" \/><\/span><\/p>\n<p>&nbsp;<\/p>\n<p style=\"font-size: 16px; line-height: 20px;\"><span style=\"color: #333333;\">De toutes les personnes impliqu\u00e9es dans la cr\u00e9ation de ce site internet, aucunes ne sont \u00e9trang\u00e8res au monde de l\u2019immigration; il y a des sp\u00e9cialistes et professionnels d\u2019un large \u00e9ventail de domaines, incluant le droit, les finances, l\u2019immobilier, et plus encore. Notre \u00e9quipe est compos\u00e9e d\u2019un personnel fonctionel et qualifi\u00e9 afin de vous aider pour vos besoins en mati\u00e8re d\u2019immigration et en obtention de r\u00e9sidence permanente. <a href=\"\/fr\/a-propos\/\">LIRE LA SUITE<\/a><\/span><\/p>\n<p>[\/vc_column_text][vc_empty_space height=\u00a0\u00bb55px\u00a0\u00bb][\/vc_column][\/vc_row][vc_row full_width=\u00a0\u00bbstretch_row\u00a0\u00bb content_placement=\u00a0\u00bbmiddle\u00a0\u00bb css=\u00a0\u00bb.vc_custom_1602103953680{margin-bottom: 25px !important;padding-top: 7% !important;padding-bottom: 7% !important;background-position: center !important;background-repeat: no-repeat !important;background-size: cover !important;}\u00a0\u00bb el_class=\u00a0\u00bbf_btn_home\u00a0\u00bb][vc_column width=\u00a0\u00bb1\/4&Prime;][vc_icon icon_fontawesome=\u00a0\u00bbfa fa-envelope\u00a0\u00bb color=\u00a0\u00bbcustom\u00a0\u00bb size=\u00a0\u00bbxl\u00a0\u00bb align=\u00a0\u00bbcenter\u00a0\u00bb custom_color=\u00a0\u00bb#14274e\u00a0\u00bb]<div id=\"nitro_custom_css_590332153\" class=\"sc-button zoom tc\"><a href=\"\/consultation\/\" title=\"\" target=\"_self\"><span>NOUS CONSULTER<\/span><\/a><\/div>[\/vc_column][vc_column width=\u00a0\u00bb1\/4&Prime;][vc_icon icon_fontawesome=\u00a0\u00bbfa fa-phone-square\u00a0\u00bb color=\u00a0\u00bbcustom\u00a0\u00bb size=\u00a0\u00bbxl\u00a0\u00bb align=\u00a0\u00bbcenter\u00a0\u00bb custom_color=\u00a0\u00bb#14274e\u00a0\u00bb]<div id=\"nitro_custom_css_1970032901\" class=\"sc-button zoom tc\"><a href=\"\/fr\/contact\/\" title=\"\" target=\"_self\"><span>NOUS JOINDRE<\/span><\/a><\/div>[\/vc_column][vc_column width=\u00a0\u00bb1\/4&Prime;][vc_icon icon_fontawesome=\u00a0\u00bbfa fa-skype\u00a0\u00bb color=\u00a0\u00bbcustom\u00a0\u00bb size=\u00a0\u00bbxl\u00a0\u00bb align=\u00a0\u00bbcenter\u00a0\u00bb custom_color=\u00a0\u00bb#14274e\u00a0\u00bb][vc_column_text el_id=\u00a0\u00bbskyp_btn\u00a0\u00bb el_class=\u00a0\u00bbzoom\u00a0\u00bb]<\/p>\n<p style=\"text-align: center;\"><a href=\"skype:linimex?call\">SKYPE<\/a><\/p>\n<p>[\/vc_column_text][\/vc_column][vc_column width=\u00a0\u00bb1\/4&Prime;][vc_icon icon_fontawesome=\u00a0\u00bbfa fa-file-text\u00a0\u00bb color=\u00a0\u00bbcustom\u00a0\u00bb size=\u00a0\u00bbxl\u00a0\u00bb align=\u00a0\u00bbcenter\u00a0\u00bb custom_color=\u00a0\u00bb#14274e\u00a0\u00bb]<div id=\"nitro_custom_css_112827684\" class=\"sc-button zoom tc\"><a href=\"\/documents\/\" title=\"\" target=\"_self\"><span>DOCUMENTS<\/span><\/a><\/div>[\/vc_column][\/vc_row][vc_row full_width=\u00a0\u00bbstretch_row\u00a0\u00bb css=\u00a0\u00bb.vc_custom_1602705250788{background-color: #dfe8ec !important;}\u00a0\u00bb][vc_column][vc_empty_space][vc_custom_heading text=\u00a0\u00bbTestimonials\u00a0\u00bb font_container=\u00a0\u00bbtag:h2|font_size:30px|text_align:center|color:%23333333|line_height:36px\u00a0\u00bb use_theme_fonts=\u00a0\u00bbyes\u00a0\u00bb][vc_empty_space]<div class=\"sc-testimonials oh tstm top style-1 tc wr-nitro-carousel\" data-owl-options='{&quot;items&quot;: &quot;3&quot;, &quot;autoplay&quot;: &quot;true&quot;, &quot;autoplayTimeout&quot;: &quot;5000&quot;, &quot;dots&quot;: &quot;true&quot;}'><div class=\"testimonial-item cs-12 cxs-12 cm-4\"><div class=\"avatar mgb30 dib\"><img decoding=\"async\" src=\"https:\/\/immigrationeu.be\/wp-content\/uploads\/2020\/10\/user.png\" alt=\"Linda\" class=\"br-50\" width=\"70\" height=\"70\" \/><\/div><div class=\"content\"><p>Thank you all for making this stage happen and for getting the first stage approval for my husband, Kevin, to sponsor me. I look forward to completing the next stage in the very near future.<\/p><\/div><div class=\"author mgt20\"><h5 class=\"name dib\">Linda<\/h5><\/div><\/div><div class=\"testimonial-item cs-12 cxs-12 cm-4\"><div class=\"avatar mgb30 dib\"><img decoding=\"async\" src=\"https:\/\/immigrationeu.be\/wp-content\/uploads\/2020\/10\/user.png\" alt=\"Anthony\" class=\"br-50\" width=\"70\" height=\"70\" \/><\/div><div class=\"content\"><p>Just a note to tell you thank you so much for all the information and detailed explanation. I appreciate the information.<\/p><\/div><div class=\"author mgt20\"><h5 class=\"name dib\">Anthony<\/h5><\/div><\/div><\/div>[vc_column_text]<\/p>\n<p style=\"text-align: center;\"><a href=\"\/testimonials\/\">PLUS DE TEMOIGNAGE<\/a><\/p>\n<p>[\/vc_column_text][\/vc_column][\/vc_row][vc_row full_width=\u00a0\u00bbstretch_row\u00a0\u00bb background_position=\u00a0\u00bbright top\u00a0\u00bb css=\u00a0\u00bb.vc_custom_1602114698511{padding-top: 40px !important;padding-bottom: 20px !important;background-color: #14274e !important;background-position: center !important;background-repeat: no-repeat !important;background-size: cover !important;}\u00a0\u00bb][vc_column width=\u00a0\u00bb1\/4&Prime; css=\u00a0\u00bb.vc_custom_1562383084786{margin-bottom: 30px !important;}\u00a0\u00bb][vc_widget_sidebar sidebar_id=\u00a0\u00bbnitro-sidebar-51&Prime;][\/vc_column][vc_column width=\u00a0\u00bb1\/3&Prime; css=\u00a0\u00bb.vc_custom_1562383090392{margin-bottom: 30px !important;}\u00a0\u00bb][vc_widget_sidebar sidebar_id=\u00a0\u00bbnitro-sidebar-52&Prime;][\/vc_column][vc_column width=\u00a0\u00bb1\/3&Prime; css=\u00a0\u00bb.vc_custom_1562383096710{margin-bottom: 30px !important;}\u00a0\u00bb][vc_widget_sidebar sidebar_id=\u00a0\u00bbnitro-sidebar-53&Prime;][\/vc_column][\/vc_row][vc_row full_width=\u00a0\u00bbstretch_row\u00a0\u00bb content_placement=\u00a0\u00bbmiddle\u00a0\u00bb css=\u00a0\u00bb.vc_custom_1606925812237{background-color: #f8f9fa !important;}\u00a0\u00bb][vc_column width=\u00a0\u00bb1\/2&Prime;][vc_column_text css=\u00a0\u00bb.vc_custom_1606926041350{margin-top: 0px !important;margin-bottom: 0px !important;}\u00a0\u00bb]\n<div class=\"wpml-ls-statics-footer wpml-ls wpml-ls-legacy-list-horizontal\">\n\t<ul><li class=\"wpml-ls-slot-footer wpml-ls-item wpml-ls-item-fr wpml-ls-current-language wpml-ls-item-legacy-list-horizontal\">\n\t\t\t\t<a href=\"https:\/\/immigrationeu.be\/fr\/\" class=\"wpml-ls-link\">\n                                                        <img decoding=\"async\"\n            class=\"wpml-ls-flag\"\n            src=\"https:\/\/immigrationeu.be\/wp-content\/plugins\/sitepress-multilingual-cms\/res\/flags\/fr.png\"\n            alt=\"\"\n            width=18\n            height=12\n    \/><span class=\"wpml-ls-native\">Fran\u00e7ais<\/span><\/a>\n\t\t\t<\/li><li class=\"wpml-ls-slot-footer wpml-ls-item wpml-ls-item-en wpml-ls-first-item wpml-ls-item-legacy-list-horizontal\">\n\t\t\t\t<a href=\"https:\/\/immigrationeu.be\" class=\"wpml-ls-link\">\n                                                        <img decoding=\"async\"\n            class=\"wpml-ls-flag\"\n            src=\"https:\/\/immigrationeu.be\/wp-content\/plugins\/sitepress-multilingual-cms\/res\/flags\/en.png\"\n            alt=\"\"\n            width=18\n            height=12\n    \/><span class=\"wpml-ls-native\" lang=\"en\">English<\/span><\/a>\n\t\t\t<\/li><li class=\"wpml-ls-slot-footer wpml-ls-item wpml-ls-item-ru wpml-ls-item-legacy-list-horizontal\">\n\t\t\t\t<a href=\"https:\/\/immigrationeu.be\/ru\/\" class=\"wpml-ls-link\">\n                                                        <img decoding=\"async\"\n            class=\"wpml-ls-flag\"\n            src=\"https:\/\/immigrationeu.be\/wp-content\/plugins\/sitepress-multilingual-cms\/res\/flags\/ru.png\"\n            alt=\"\"\n            width=18\n            height=12\n    \/><span class=\"wpml-ls-native\" lang=\"ru\">\u0420\u0443\u0441\u0441\u043a\u0438\u0439<\/span><\/a>\n\t\t\t<\/li><li class=\"wpml-ls-slot-footer wpml-ls-item wpml-ls-item-es wpml-ls-item-legacy-list-horizontal\">\n\t\t\t\t<a href=\"https:\/\/immigrationeu.be\/es\/\" class=\"wpml-ls-link\">\n                                                        <img decoding=\"async\"\n            class=\"wpml-ls-flag\"\n            src=\"https:\/\/immigrationeu.be\/wp-content\/plugins\/sitepress-multilingual-cms\/res\/flags\/es.png\"\n            alt=\"\"\n            width=18\n            height=12\n    \/><span class=\"wpml-ls-native\" lang=\"es\">Espa\u00f1ol<\/span><\/a>\n\t\t\t<\/li><li class=\"wpml-ls-slot-footer wpml-ls-item wpml-ls-item-cn wpml-ls-last-item wpml-ls-item-legacy-list-horizontal\">\n\t\t\t\t<a href=\"https:\/\/immigrationeu.be\/cn\/\" class=\"wpml-ls-link\">\n                                                        <img decoding=\"async\"\n            class=\"wpml-ls-flag\"\n            src=\"https:\/\/immigrationeu.be\/wp-content\/uploads\/flags\/cn.png\"\n            alt=\"\"\n            width=18\n            height=12\n    \/><span class=\"wpml-ls-native\" lang=\"cn\">Chinese <\/span><\/a>\n\t\t\t<\/li><\/ul>\n<\/div>\n[\/vc_column_text][\/vc_column][vc_column width=\u00a0\u00bb1\/2&Prime;][vc_widget_sidebar sidebar_id=\u00a0\u00bbnitro-sidebar-54&Prime;][\/vc_column][\/vc_row]<\/p>\n","protected":false},"excerpt":{"rendered":"<p>[vc_row full_width=\u00a0\u00bbstretch_row_content\u00a0\u00bb css=\u00a0\u00bb.vc_custom_1562429724054{margin-top: 30px !important;}\u00a0\u00bb][vc_column width=\u00a0\u00bb1\/3&Prime; css=\u00a0\u00bb.vc_custom_1604672676694{margin-bottom: 25px !important;}\u00a0\u00bb][vc_column_text css=\u00a0\u00bb.vc_custom_1692777158155{margin-bottom: 0px !important;padding-top: 16px !important;padding-bottom: 16px !important;background-color: #14274e !important;}\u00a0\u00bb el_id=\u00a0\u00bbhm_box\u00a0\u00bb] IMMIGRATION AUX PAYS-BAS [\/vc_column_text][\/vc_column][vc_column width=\u00a0\u00bb1\/3&Prime; css=\u00a0\u00bb.vc_custom_1562428929774{margin-bottom: 25px !important;}\u00a0\u00bb][vc_column_text css=\u00a0\u00bb.vc_custom_1692777201786{margin-bottom: 0px !important;padding-top: 16px !important;padding-bottom: 16px !important;background-color: #14274e !important;}\u00a0\u00bb el_id=\u00a0\u00bbhm_box\u00a0\u00bb] IMMIGRATION AU LUXEMBOURG [\/vc_column_text][\/vc_column][vc_column width=\u00a0\u00bb1\/3&Prime; css=\u00a0\u00bb.vc_custom_1562428935620{margin-bottom: 25px !important;}\u00a0\u00bb][vc_column_text css=\u00a0\u00bb.vc_custom_1647448118731{margin-bottom: 0px !important;padding-top: 16px !important;padding-bottom: 16px !important;background-color: #14274e !important;}\u00a0\u00bb el_id=\u00a0\u00bbhm_box\u00a0\u00bb] [&hellip;]<\/p>\n","protected":false},"author":1,"featured_media":0,"parent":0,"menu_order":0,"comment_status":"closed","ping_status":"open","template":"","meta":{"footnotes":""},"yoast_head":"<!-- This site is optimized with the Yoast SEO plugin v18.3 - https:\/\/yoast.com\/wordpress\/plugins\/seo\/ -->\n<title>Visa | Immigration | Citoyennet\u00e9 | Passeport<\/title>\n<meta name=\"robots\" content=\"index, follow, max-snippet:-1, max-image-preview:large, max-video-preview:-1\" \/>\n<link rel=\"canonical\" href=\"https:\/\/immigrationeu.be\/fr\/\" \/>\n<meta property=\"og:locale\" content=\"fr_FR\" \/>\n<meta property=\"og:type\" content=\"article\" \/>\n<meta property=\"og:title\" content=\"Visa | Immigration | Citoyennet\u00e9 | Passeport\" \/>\n<meta property=\"og:description\" content=\"[vc_row full_width=\u00a0\u00bbstretch_row_content\u00a0\u00bb css=\u00a0\u00bb.vc_custom_1562429724054{margin-top: 30px !important;}\u00a0\u00bb][vc_column width=\u00a0\u00bb1\/3&Prime; css=\u00a0\u00bb.vc_custom_1604672676694{margin-bottom: 25px !important;}\u00a0\u00bb][vc_column_text css=\u00a0\u00bb.vc_custom_1692777158155{margin-bottom: 0px !important;padding-top: 16px !important;padding-bottom: 16px !important;background-color: #14274e !important;}\u00a0\u00bb el_id=\u00a0\u00bbhm_box\u00a0\u00bb] IMMIGRATION AUX PAYS-BAS [\/vc_column_text][\/vc_column][vc_column width=\u00a0\u00bb1\/3&Prime; css=\u00a0\u00bb.vc_custom_1562428929774{margin-bottom: 25px !important;}\u00a0\u00bb][vc_column_text css=\u00a0\u00bb.vc_custom_1692777201786{margin-bottom: 0px !important;padding-top: 16px !important;padding-bottom: 16px !important;background-color: #14274e !important;}\u00a0\u00bb el_id=\u00a0\u00bbhm_box\u00a0\u00bb] IMMIGRATION AU LUXEMBOURG [\/vc_column_text][\/vc_column][vc_column width=\u00a0\u00bb1\/3&Prime; css=\u00a0\u00bb.vc_custom_1562428935620{margin-bottom: 25px !important;}\u00a0\u00bb][vc_column_text css=\u00a0\u00bb.vc_custom_1647448118731{margin-bottom: 0px !important;padding-top: 16px !important;padding-bottom: 16px !important;background-color: #14274e !important;}\u00a0\u00bb el_id=\u00a0\u00bbhm_box\u00a0\u00bb] [&hellip;]\" \/>\n<meta property=\"og:url\" content=\"https:\/\/immigrationeu.be\/fr\/\" \/>\n<meta property=\"og:site_name\" content=\"Immigration EU\" \/>\n<meta property=\"article:modified_time\" content=\"2023-08-23T07:53:55+00:00\" \/>\n<meta property=\"og:image\" content=\"https:\/\/immigrationeu.be\/wp-content\/uploads\/2020\/10\/passport-visa.png\" \/>\n<meta name=\"twitter:card\" content=\"summary_large_image\" \/>\n<meta name=\"twitter:label1\" content=\"Dur\u00e9e de lecture estim\u00e9e\" \/>\n\t<meta name=\"twitter:data1\" content=\"3 minutes\" \/>\n<script type=\"application\/ld+json\" class=\"yoast-schema-graph\">{\"@context\":\"https:\/\/schema.org\",\"@graph\":[{\"@type\":\"WebSite\",\"@id\":\"https:\/\/immigrationeu.be\/#website\",\"url\":\"https:\/\/immigrationeu.be\/\",\"name\":\"Immigration EU\",\"description\":\"\",\"potentialAction\":[{\"@type\":\"SearchAction\",\"target\":{\"@type\":\"EntryPoint\",\"urlTemplate\":\"https:\/\/immigrationeu.be\/?s={search_term_string}\"},\"query-input\":\"required name=search_term_string\"}],\"inLanguage\":\"fr-FR\"},{\"@type\":\"ImageObject\",\"@id\":\"https:\/\/immigrationeu.be\/fr\/#primaryimage\",\"inLanguage\":\"fr-FR\",\"url\":\"https:\/\/immigrationeu.be\/wp-content\/uploads\/2020\/10\/passport-visa.png\",\"contentUrl\":\"https:\/\/immigrationeu.be\/wp-content\/uploads\/2020\/10\/passport-visa.png\",\"width\":300,\"height\":238},{\"@type\":\"WebPage\",\"@id\":\"https:\/\/immigrationeu.be\/fr\/#webpage\",\"url\":\"https:\/\/immigrationeu.be\/fr\/\",\"name\":\"Visa | Immigration | Citoyennet\u00e9 | Passeport\",\"isPartOf\":{\"@id\":\"https:\/\/immigrationeu.be\/#website\"},\"primaryImageOfPage\":{\"@id\":\"https:\/\/immigrationeu.be\/fr\/#primaryimage\"},\"datePublished\":\"2019-07-15T02:08:27+00:00\",\"dateModified\":\"2023-08-23T07:53:55+00:00\",\"breadcrumb\":{\"@id\":\"https:\/\/immigrationeu.be\/fr\/#breadcrumb\"},\"inLanguage\":\"fr-FR\",\"potentialAction\":[{\"@type\":\"ReadAction\",\"target\":[\"https:\/\/immigrationeu.be\/fr\/\"]}]},{\"@type\":\"BreadcrumbList\",\"@id\":\"https:\/\/immigrationeu.be\/fr\/#breadcrumb\",\"itemListElement\":[{\"@type\":\"ListItem\",\"position\":1,\"name\":\"Home\",\"item\":\"https:\/\/immigrationeu.be\/fr\/\"},{\"@type\":\"ListItem\",\"position\":2,\"name\":\"Accueil\"}]}]}<\/script>\n<!-- \/ Yoast SEO plugin. -->","yoast_head_json":{"title":"Visa | Immigration | Citoyennet\u00e9 | Passeport","robots":{"index":"index","follow":"follow","max-snippet":"max-snippet:-1","max-image-preview":"max-image-preview:large","max-video-preview":"max-video-preview:-1"},"canonical":"https:\/\/immigrationeu.be\/fr\/","og_locale":"fr_FR","og_type":"article","og_title":"Visa | Immigration | Citoyennet\u00e9 | Passeport","og_description":"[vc_row full_width=\u00a0\u00bbstretch_row_content\u00a0\u00bb css=\u00a0\u00bb.vc_custom_1562429724054{margin-top: 30px !important;}\u00a0\u00bb][vc_column width=\u00a0\u00bb1\/3&Prime; css=\u00a0\u00bb.vc_custom_1604672676694{margin-bottom: 25px !important;}\u00a0\u00bb][vc_column_text css=\u00a0\u00bb.vc_custom_1692777158155{margin-bottom: 0px !important;padding-top: 16px !important;padding-bottom: 16px !important;background-color: #14274e !important;}\u00a0\u00bb el_id=\u00a0\u00bbhm_box\u00a0\u00bb] IMMIGRATION AUX PAYS-BAS [\/vc_column_text][\/vc_column][vc_column width=\u00a0\u00bb1\/3&Prime; css=\u00a0\u00bb.vc_custom_1562428929774{margin-bottom: 25px !important;}\u00a0\u00bb][vc_column_text css=\u00a0\u00bb.vc_custom_1692777201786{margin-bottom: 0px !important;padding-top: 16px !important;padding-bottom: 16px !important;background-color: #14274e !important;}\u00a0\u00bb el_id=\u00a0\u00bbhm_box\u00a0\u00bb] IMMIGRATION AU LUXEMBOURG [\/vc_column_text][\/vc_column][vc_column width=\u00a0\u00bb1\/3&Prime; css=\u00a0\u00bb.vc_custom_1562428935620{margin-bottom: 25px !important;}\u00a0\u00bb][vc_column_text css=\u00a0\u00bb.vc_custom_1647448118731{margin-bottom: 0px !important;padding-top: 16px !important;padding-bottom: 16px !important;background-color: #14274e !important;}\u00a0\u00bb el_id=\u00a0\u00bbhm_box\u00a0\u00bb] [&hellip;]","og_url":"https:\/\/immigrationeu.be\/fr\/","og_site_name":"Immigration EU","article_modified_time":"2023-08-23T07:53:55+00:00","og_image":[{"url":"https:\/\/immigrationeu.be\/wp-content\/uploads\/2020\/10\/passport-visa.png"}],"twitter_card":"summary_large_image","twitter_misc":{"Dur\u00e9e de lecture estim\u00e9e":"3 minutes"},"schema":{"@context":"https:\/\/schema.org","@graph":[{"@type":"WebSite","@id":"https:\/\/immigrationeu.be\/#website","url":"https:\/\/immigrationeu.be\/","name":"Immigration EU","description":"","potentialAction":[{"@type":"SearchAction","target":{"@type":"EntryPoint","urlTemplate":"https:\/\/immigrationeu.be\/?s={search_term_string}"},"query-input":"required name=search_term_string"}],"inLanguage":"fr-FR"},{"@type":"ImageObject","@id":"https:\/\/immigrationeu.be\/fr\/#primaryimage","inLanguage":"fr-FR","url":"https:\/\/immigrationeu.be\/wp-content\/uploads\/2020\/10\/passport-visa.png","contentUrl":"https:\/\/immigrationeu.be\/wp-content\/uploads\/2020\/10\/passport-visa.png","width":300,"height":238},{"@type":"WebPage","@id":"https:\/\/immigrationeu.be\/fr\/#webpage","url":"https:\/\/immigrationeu.be\/fr\/","name":"Visa | Immigration | Citoyennet\u00e9 | Passeport","isPartOf":{"@id":"https:\/\/immigrationeu.be\/#website"},"primaryImageOfPage":{"@id":"https:\/\/immigrationeu.be\/fr\/#primaryimage"},"datePublished":"2019-07-15T02:08:27+00:00","dateModified":"2023-08-23T07:53:55+00:00","breadcrumb":{"@id":"https:\/\/immigrationeu.be\/fr\/#breadcrumb"},"inLanguage":"fr-FR","potentialAction":[{"@type":"ReadAction","target":["https:\/\/immigrationeu.be\/fr\/"]}]},{"@type":"BreadcrumbList","@id":"https:\/\/immigrationeu.be\/fr\/#breadcrumb","itemListElement":[{"@type":"ListItem","position":1,"name":"Home","item":"https:\/\/immigrationeu.be\/fr\/"},{"@type":"ListItem","position":2,"name":"Accueil"}]}]}},"_links":{"self":[{"href":"https:\/\/immigrationeu.be\/fr\/wp-json\/wp\/v2\/pages\/958"}],"collection":[{"href":"https:\/\/immigrationeu.be\/fr\/wp-json\/wp\/v2\/pages"}],"about":[{"href":"https:\/\/immigrationeu.be\/fr\/wp-json\/wp\/v2\/types\/page"}],"author":[{"embeddable":true,"href":"https:\/\/immigrationeu.be\/fr\/wp-json\/wp\/v2\/users\/1"}],"replies":[{"embeddable":true,"href":"https:\/\/immigrationeu.be\/fr\/wp-json\/wp\/v2\/comments?post=958"}],"version-history":[{"count":53,"href":"https:\/\/immigrationeu.be\/fr\/wp-json\/wp\/v2\/pages\/958\/revisions"}],"predecessor-version":[{"id":1213,"href":"https:\/\/immigrationeu.be\/fr\/wp-json\/wp\/v2\/pages\/958\/revisions\/1213"}],"wp:attachment":[{"href":"https:\/\/immigrationeu.be\/fr\/wp-json\/wp\/v2\/media?parent=958"}],"curies":[{"name":"wp","href":"https:\/\/api.w.org\/{rel}","templated":true}]}}